{"id":19,"date":"2023-02-10T09:19:17","date_gmt":"2023-02-10T09:19:17","guid":{"rendered":"https:\/\/www.waldbaden-einfachsein.ch\/?page_id=19"},"modified":"2025-12-07T20:05:45","modified_gmt":"2025-12-07T20:05:45","slug":"kursangebot","status":"publish","type":"page","link":"https:\/\/www.waldbaden-einfachsein.ch\/?page_id=19","title":{"rendered":"Kursangebot"},"content":{"rendered":"<p style=\"text-align: center;\"><img loading=\"lazy\" decoding=\"async\" class=\"alignnone size-large wp-image-143\" src=\"https:\/\/www.waldbaden-einfachsein.ch\/wp-content\/uploads\/2023\/03\/FarnP1020464-Kopie-1024x768.jpg\" alt=\"\" width=\"580\" height=\"435\" srcset=\"https:\/\/www.waldbaden-einfachsein.ch\/wp-content\/uploads\/2023\/03\/FarnP1020464-Kopie-1024x768.jpg 1024w, https:\/\/www.waldbaden-einfachsein.ch\/wp-content\/uploads\/2023\/03\/FarnP1020464-Kopie-300x225.jpg 300w, https:\/\/www.waldbaden-einfachsein.ch\/wp-content\/uploads\/2023\/03\/FarnP1020464-Kopie-768x576.jpg 768w, https:\/\/www.waldbaden-einfachsein.ch\/wp-content\/uploads\/2023\/03\/FarnP1020464-Kopie-1536x1152.jpg 1536w, https:\/\/www.waldbaden-einfachsein.ch\/wp-content\/uploads\/2023\/03\/FarnP1020464-Kopie-2048x1536.jpg 2048w, https:\/\/www.waldbaden-einfachsein.ch\/wp-content\/uploads\/2023\/03\/FarnP1020464-Kopie-1200x900.jpg 1200w, https:\/\/www.waldbaden-einfachsein.ch\/wp-content\/uploads\/2023\/03\/FarnP1020464-Kopie-1980x1485.jpg 1980w\" sizes=\"auto, (max-width: 580px) 100vw, 580px\" \/><span style=\"color: #008000;\">Fr\u00fchlingsbl\u00fcten, Herbstmond,<\/span><br \/>\n<span style=\"color: #008000;\">Sommerbriese, Winterschnee &#8211;<\/span><br \/>\n<span style=\"color: #008000;\">F\u00fcr einen<\/span><br \/>\n<span style=\"color: #008000;\">von unn\u00f6tigen Gedanken<\/span><br \/>\n<span style=\"color: #008000;\">freien Geist<\/span><br \/>\n<span style=\"color: #008000;\">ist jede Jahreszeit willkommen<br \/>\n(Zenmeister Mummen Eka<\/span><\/p>\n<p><span style=\"color: #008000;\"><span style=\"caret-color: #008000;\"><b>Schnupperkurs<br \/>\n<\/b>Wunschdaten auf Anfrage ab 2 Personen m\u00f6glich<\/span><\/span><\/p>\n<p><span style=\"color: #008000;\">Mi. 18. M\u00e4rz 2026 \u00a0 \u00a0Zeit: 13.30 &#8211; 16 Uhr<br \/>\nOrt: Sch\u00f6nb\u00fchl \/ Zollikofen<\/span><\/p>\n<p><span style=\"color: #008000;\">Sa<span style=\"caret-color: #008000;\">. 11. April 2026 \u00a0 \u00a0 Zeit: 13.30 &#8211; 16 Uhr<br \/>\nOrt: Sch\u00f6nb\u00fchl \/ Zollikofen<\/span><\/span><\/p>\n<p><span style=\"color: #008000;\">Mi. 13. Mai 2026 \u00a0 \u00a0 \u00a0Zeit: 13.30 &#8211; 16 Uhr<br \/>\nOrt: Sch\u00f6nb\u00fchl \/ Zollikofen<\/span><\/p>\n<p><span style=\"color: #008000;\">So. 16. Aug. 2026 \u00a0 \u00a0 Zeit: 09 &#8211; 12.30 Uhr<br \/>\nOrt: Sch\u00f6nb\u00fchl \/ Zollikofen<br \/>\n<\/span><br \/>\n<span style=\"color: #008000;\">So. 05. Sept. 2026 \u00a0 \u00a0Zeit: 13.30 &#8211; 16 Uhr<br \/>\nOrt: Br\u00fcschweid (Gossau ZH)<br \/>\n<\/span><br \/>\n<span style=\"color: #008000;\">Sa. 12. Sept. 2026 \u00a0 \u00a0 Zeit: 13.30 &#8211; 16 Uhr<br \/>\nOrt: <\/span><span style=\"color: #008000;\">Br\u00fcschweid (Gossau ZH)<\/span><\/p>\n<p><span style=\"color: #008000;\">So. 04. Okt. 2026 \u00a0 \u00a0Zeit: 13.30 &#8211; 16 Uhr<br \/>\nOrt: Sch\u00f6nb\u00fchl \/ Zollikofen<\/span><\/p>\n<p><span style=\"color: #008000;\">Mi. 21. Okt 2026 \u00a0Zeit: 13.30 &#8211; 16 Uhr<br \/>\nOrt: Sch\u00f6nb\u00fchl \/ Zollikofen<\/span><\/p>\n<p><span style=\"color: #008000;\"><strong>Waldbaden \u00fcber Mittag<br \/>\n<\/strong>Wunschdaten auf Anfrage ab 2 Personen m\u00f6glich<\/span><\/p>\n<p><span style=\"color: #008000;\"><strong>Waldbaden 4Std.<br \/>\n<\/strong>Wunschdaten auf Anfrage ab 2 Personen m\u00f6glich<\/span><\/p>\n<p><span style=\"color: #008000;\">Sa. 30. Mai \u00a02026 \u00a0 4 Std. \u00a0 Zeit: 11 &#8211; 15 Uhr \u00a0Ort: Zollikofen<\/span><\/p>\n<p><span style=\"color: #008000;\">Sa. 20. Juni 2026 \u00a04 Std. \u00a0 Zeit: \u00a009 &#8211; 13 Uhr \u00a0Ort: Zollikofen<\/span><\/p>\n<p><span style=\"color: #008000;\">Sa. 07. Nov. 2026 \u00a04 Std. \u00a0Zeit: \u00a011 &#8211; 15 Uhr \u00a0Ort: Zollikofen<\/span><\/p>\n<p><strong><span style=\"color: #008000;\">Waldbaden im Abo \u00a04 x 3 Std.<br \/>\n<\/span><\/strong><span style=\"color: #008000;\">Wunschdaten auf Anfrage ab 2 Personen m\u00f6glich<\/span><\/p>\n<p><span style=\"color: #008000;\">4 x 3 Std. jeweils Mittwochs Zeit 13.30 &#8211; 16.30Uhr<br \/>\nOrt: Sch\u00f6nb\u00fchl\/Zollikofen<\/span><\/p>\n<p><span style=\"color: #008000;\">Mittwoch 20. Mai 2026, \u00a0Mittwoch 03. Juni 2026<br \/>\n<\/span><span style=\"color: #008000;\">Mittwoch 17. Juni \u00a02026, \u00a0Mittwoch 01. \u00a0Juli 2026<\/span><\/p>\n<p>&nbsp;<\/p>\n<p style=\"text-align: center;\"><a href=\"https:\/\/www.waldbaden-einfachsein.ch\/wp-content\/uploads\/2023\/05\/P1060399-waldbaden-korrigiert.jpg\"><img loading=\"lazy\" decoding=\"async\" class=\"alignnone size-medium wp-image-492\" src=\"https:\/\/www.waldbaden-einfachsein.ch\/wp-content\/uploads\/2023\/05\/P1060399-waldbaden-korrigiert-300x180.jpg\" alt=\"\" width=\"300\" height=\"180\" srcset=\"https:\/\/www.waldbaden-einfachsein.ch\/wp-content\/uploads\/2023\/05\/P1060399-waldbaden-korrigiert-300x180.jpg 300w, https:\/\/www.waldbaden-einfachsein.ch\/wp-content\/uploads\/2023\/05\/P1060399-waldbaden-korrigiert.jpg 320w\" sizes=\"auto, (max-width: 300px) 100vw, 300px\" \/><\/a><span style=\"color: #008000;\">eMail:<\/span><a href=\"mailto:info@waldbaden-einfachsein.ch\">info@waldbaden-einfachsein.ch<\/a><br \/>\n<a href=\"http:\/\/Waldbaden-einfachsein.ch\">waldbaden-einfachsein.ch<\/a><br \/>\n<span style=\"color: #008000;\">Tel: 079 382 31 59<br \/>\nElli Schmuki, L\u00e4ngfeldstrasse 32, 3063 Ittigen<\/span><\/p>\n<p>&nbsp;<\/p>\n","protected":false},"excerpt":{"rendered":"<p>Fr\u00fchlingsbl\u00fcten, Herbstmond, Sommerbriese, Winterschnee &#8211; F\u00fcr einen von unn\u00f6tigen Gedanken freien Geist ist jede Jahreszeit willkommen (Zenmeister Mummen Eka Schnupperkurs Wunschdaten auf Anfrage ab 2 Personen m\u00f6glich Mi. 18. M\u00e4rz 2026 \u00a0 \u00a0Zeit: 13.30 &#8211; 16 Uhr Ort: Sch\u00f6nb\u00fchl \/ Zollikofen Sa. 11. April 2026 \u00a0 \u00a0 Zeit: 13.30 &#8211; 16 Uhr Ort: Sch\u00f6nb\u00fchl \/ [&hellip;]<\/p>\n","protected":false},"author":1,"featured_media":0,"parent":0,"menu_order":0,"comment_status":"closed","ping_status":"closed","template":"","meta":{"footnotes":""},"class_list":["post-19","page","type-page","status-publish","hentry"],"_links":{"self":[{"href":"https:\/\/www.waldbaden-einfachsein.ch\/index.php?rest_route=\/wp\/v2\/pages\/19","targetHints":{"allow":["GET"]}}],"collection":[{"href":"https:\/\/www.waldbaden-einfachsein.ch\/index.php?rest_route=\/wp\/v2\/pages"}],"about":[{"href":"https:\/\/www.waldbaden-einfachsein.ch\/index.php?rest_route=\/wp\/v2\/types\/page"}],"author":[{"embeddable":true,"href":"https:\/\/www.waldbaden-einfachsein.ch\/index.php?rest_route=\/wp\/v2\/users\/1"}],"replies":[{"embeddable":true,"href":"https:\/\/www.waldbaden-einfachsein.ch\/index.php?rest_route=%2Fwp%2Fv2%2Fcomments&post=19"}],"version-history":[{"count":83,"href":"https:\/\/www.waldbaden-einfachsein.ch\/index.php?rest_route=\/wp\/v2\/pages\/19\/revisions"}],"predecessor-version":[{"id":616,"href":"https:\/\/www.waldbaden-einfachsein.ch\/index.php?rest_route=\/wp\/v2\/pages\/19\/revisions\/616"}],"wp:attachment":[{"href":"https:\/\/www.waldbaden-einfachsein.ch\/index.php?rest_route=%2Fwp%2Fv2%2Fmedia&parent=19"}],"curies":[{"name":"wp","href":"https:\/\/api.w.org\/{rel}","templated":true}]}}