{"id":60,"date":"2023-02-14T10:58:11","date_gmt":"2023-02-14T10:58:11","guid":{"rendered":"https:\/\/www.waldbaden-einfachsein.ch\/?page_id=60"},"modified":"2025-12-07T19:51:15","modified_gmt":"2025-12-07T19:51:15","slug":"home","status":"publish","type":"page","link":"https:\/\/www.waldbaden-einfachsein.ch\/?page_id=60","title":{"rendered":"Home"},"content":{"rendered":"<h6><a href=\"https:\/\/www.waldbaden-einfachsein.ch\/wp-content\/uploads\/2023\/05\/Fruehlimgswald-mit-Weg-gross.jpg\"><img loading=\"lazy\" decoding=\"async\" class=\"alignnone size-large wp-image-464\" src=\"https:\/\/www.waldbaden-einfachsein.ch\/wp-content\/uploads\/2023\/05\/Fruehlimgswald-mit-Weg-gross-768x1024.jpg\" alt=\"\" width=\"580\" height=\"773\" srcset=\"https:\/\/www.waldbaden-einfachsein.ch\/wp-content\/uploads\/2023\/05\/Fruehlimgswald-mit-Weg-gross-768x1024.jpg 768w, https:\/\/www.waldbaden-einfachsein.ch\/wp-content\/uploads\/2023\/05\/Fruehlimgswald-mit-Weg-gross-225x300.jpg 225w, https:\/\/www.waldbaden-einfachsein.ch\/wp-content\/uploads\/2023\/05\/Fruehlimgswald-mit-Weg-gross.jpg 960w\" sizes=\"auto, (max-width: 580px) 100vw, 580px\" \/><\/a><\/h6>\n<p><strong><span style=\"color: #008000;\">Shinrin Yoku Waldbaden<\/span><\/strong><\/p>\n<p><span style=\"color: #008000;\">verbindet Menschen mit der Natur auf achtsame Weise und<\/span><br \/>\n<span style=\"color: #008000;\">bietet \u00a0Entspannung f\u00fcr K\u00f6rper und Geist.<\/span><br \/>\n<span style=\"color: #008000;\">Das bewusste Eintauchen in die Waldatmosph\u00e4re erm\u00f6glicht eine Auszeit in unseren Alltag und l\u00e4sst uns unsere Sinne auf wunderbare Weise \u00f6ffnen.<\/span><br \/>\n<span style=\"color: #008000;\">Wir d\u00fcrfen die Natur als eine grosse Kraftquelle erfahren, \u00a0die entspannend wirkt und zugleich Energie spendet.<\/span><br \/>\n<span style=\"color: #008000;\">Sie l\u00e4sst uns Momente der inneren und \u00e4usseren Stille erleben.<\/span><br \/>\n<span style=\"color: #008000;\">Sich mit der Natur verbinden, f\u00f6rdert unser Wohlbefinden und unsere innere Balance.<\/span><br \/>\n<span style=\"color: #008000;\">Wir d\u00fcrfen einfach sein, im Hier und Jetzt.<\/span><\/p>\n<p><span style=\"color: #008000;\"><img loading=\"lazy\" decoding=\"async\" class=\"size-medium wp-image-138 aligncenter\" src=\"https:\/\/www.waldbaden-einfachsein.ch\/wp-content\/uploads\/2023\/03\/IMG_4982-300x225.jpg\" alt=\"\" width=\"300\" height=\"225\" srcset=\"https:\/\/www.waldbaden-einfachsein.ch\/wp-content\/uploads\/2023\/03\/IMG_4982-300x225.jpg 300w, https:\/\/www.waldbaden-einfachsein.ch\/wp-content\/uploads\/2023\/03\/IMG_4982.jpg 640w\" sizes=\"auto, (max-width: 300px) 100vw, 300px\" \/><\/span><\/p>\n<p><span style=\"color: #008000;\">Waldbaden versteht sich als ganzheitliche Gesundheitsvorsorge.<\/span><br \/>\n<span style=\"color: #008000;\">Viele Menschen die in einer urban gepr\u00e4gten Umgebung leben, haben den Zugang zur Natur verloren und leiden vermehrt unter stressbedingten Krankheiten.<\/span><br \/>\n<span style=\"color: #008000;\">Unser Leben ist dominiert von einer hektischen, reiz\u00fcberfluteten und digitalisierten Welt.Wir k\u00f6nnen es uns nicht mehr vorstellen ohne technischen Fortschritt zu leben.<br \/>\n<\/span><br \/>\n<span style=\"color: #008000;\">Um unser inneres Gleichgewicht zu wahren, brauchen wir einen erholsamen Ausgleich in unserem Alltag.<\/span><br \/>\n<span style=\"color: #008000;\">Mit Ausgleich sind nicht Freizeitaktivit\u00e4ten gemeint in denen wir etwas leisten.<br \/>\n<\/span><span style=\"color: #008000;\">Viel mehr sind uns Momente der Achtsamkeit, des Staunens und der wohltuenden Entspannung wichtig.<br \/>\nSie sind Bestandteile in jeder Veranstaltung und<\/span> <span style=\"color: #008000;\">erh\u00f6hen<br \/>\nunser Wohlbefinden.<\/span><\/p>\n<p><span style=\"color: #008000;\">Wir d\u00fcrfen den Wald mit all unseren Sinnen erleben.<\/span><br \/>\n<span style=\"color: #008000;\">F\u00fcr unseren K\u00f6rper und Geist ist es von essentieller Wichtigkeit, zur Ruhe zu kommen, wertvolle Momente der Stille zu leben und im Hier und Jetzt zu verweilen.<\/span><\/p>\n<p><span style=\"color: #008000;\">Waldbaden eignet sich f\u00fcr jedes Alter, ungeachtet<\/span><br \/>\n<span style=\"color: #008000;\">des sportlichen Levels.<\/span><\/p>\n<p>&nbsp;<\/p>\n<p style=\"text-align: center;\"><span style=\"color: #008000;\"><em>Ich ging f\u00fcr einen kurzen Spaziergang hinaus<br \/>\nund beschloss schliesslich<br \/>\nbis zum Sonnenuntergang zu bleiben.<br \/>\nDenn ich stellte fest,<br \/>\ndass das Nach-<\/em><i>Drau\u00dfen-Gehen<br \/>\nein Nach-Drinnen-Gehen war.<br \/>\n(John Mair Naturphilosoph)<\/i><\/span><a href=\"https:\/\/www.waldbaden-einfachsein.ch\/wp-content\/uploads\/2023\/05\/P1060399-waldbaden-korrigiert.jpg\"><img loading=\"lazy\" decoding=\"async\" class=\"alignnone size-medium wp-image-492\" src=\"https:\/\/www.waldbaden-einfachsein.ch\/wp-content\/uploads\/2023\/05\/P1060399-waldbaden-korrigiert-300x180.jpg\" alt=\"\" width=\"300\" height=\"180\" srcset=\"https:\/\/www.waldbaden-einfachsein.ch\/wp-content\/uploads\/2023\/05\/P1060399-waldbaden-korrigiert-300x180.jpg 300w, https:\/\/www.waldbaden-einfachsein.ch\/wp-content\/uploads\/2023\/05\/P1060399-waldbaden-korrigiert.jpg 320w\" sizes=\"auto, (max-width: 300px) 100vw, 300px\" \/><\/a><a href=\"https:\/\/www.waldbaden-einfachsein.ch\/wp-content\/uploads\/2023\/05\/logo-nobackground-200.png\"><img loading=\"lazy\" decoding=\"async\" class=\"alignnone size-thumbnail wp-image-434 aligncenter\" src=\"https:\/\/www.waldbaden-einfachsein.ch\/wp-content\/uploads\/2023\/05\/logo-nobackground-200-150x150.png\" alt=\"\" width=\"150\" height=\"150\" srcset=\"https:\/\/www.waldbaden-einfachsein.ch\/wp-content\/uploads\/2023\/05\/logo-nobackground-200-150x150.png 150w, https:\/\/www.waldbaden-einfachsein.ch\/wp-content\/uploads\/2023\/05\/logo-nobackground-200.png 200w\" sizes=\"auto, (max-width: 150px) 100vw, 150px\" \/><\/a><\/p>\n<p>&nbsp;<\/p>\n","protected":false},"excerpt":{"rendered":"<p>Shinrin Yoku Waldbaden verbindet Menschen mit der Natur auf achtsame Weise und bietet \u00a0Entspannung f\u00fcr K\u00f6rper und Geist. Das bewusste Eintauchen in die Waldatmosph\u00e4re erm\u00f6glicht eine Auszeit in unseren Alltag und l\u00e4sst uns unsere Sinne auf wunderbare Weise \u00f6ffnen. Wir d\u00fcrfen die Natur als eine grosse Kraftquelle erfahren, \u00a0die entspannend wirkt und zugleich Energie spendet. [&hellip;]<\/p>\n","protected":false},"author":1,"featured_media":0,"parent":0,"menu_order":0,"comment_status":"closed","ping_status":"closed","template":"","meta":{"footnotes":""},"class_list":["post-60","page","type-page","status-publish","hentry"],"_links":{"self":[{"href":"https:\/\/www.waldbaden-einfachsein.ch\/index.php?rest_route=\/wp\/v2\/pages\/60","targetHints":{"allow":["GET"]}}],"collection":[{"href":"https:\/\/www.waldbaden-einfachsein.ch\/index.php?rest_route=\/wp\/v2\/pages"}],"about":[{"href":"https:\/\/www.waldbaden-einfachsein.ch\/index.php?rest_route=\/wp\/v2\/types\/page"}],"author":[{"embeddable":true,"href":"https:\/\/www.waldbaden-einfachsein.ch\/index.php?rest_route=\/wp\/v2\/users\/1"}],"replies":[{"embeddable":true,"href":"https:\/\/www.waldbaden-einfachsein.ch\/index.php?rest_route=%2Fwp%2Fv2%2Fcomments&post=60"}],"version-history":[{"count":85,"href":"https:\/\/www.waldbaden-einfachsein.ch\/index.php?rest_route=\/wp\/v2\/pages\/60\/revisions"}],"predecessor-version":[{"id":614,"href":"https:\/\/www.waldbaden-einfachsein.ch\/index.php?rest_route=\/wp\/v2\/pages\/60\/revisions\/614"}],"wp:attachment":[{"href":"https:\/\/www.waldbaden-einfachsein.ch\/index.php?rest_route=%2Fwp%2Fv2%2Fmedia&parent=60"}],"curies":[{"name":"wp","href":"https:\/\/api.w.org\/{rel}","templated":true}]}}